{"id":5339,"date":"2024-11-30T14:40:41","date_gmt":"2024-11-30T13:40:41","guid":{"rendered":"https:\/\/kolme.paris\/?post_type=product&#038;p=5339"},"modified":"2026-03-26T16:35:29","modified_gmt":"2026-03-26T15:35:29","slug":"kol-neck-wrap-graphite","status":"publish","type":"product","link":"https:\/\/kolme.paris\/en\/shop\/kol-neck-wrap-graphite\/","title":{"rendered":"Kol Neck Wrap Graphite"},"content":{"rendered":"<p><strong>Produit<br \/>\n<\/strong>Col amovible r\u00e9alis\u00e9 \u00e0 partir de tissus issus de stocks dormants. Fabriqu\u00e9s \u00e0 la main \u00e0 Paris. Pour la fermeture \u00e9claire, choisissez entre nos deux logos.<\/p>\n<p><strong>Couleurs<br \/>\n<\/strong>Trouvez la couleur de Kol qui vous convient.<\/p>\n<p><a href=\"https:\/\/kolme.paris\/en\/shop-kolme-paris\/\"><img decoding=\"async\" class=\"alignleft size-thumbnail wp-image-5383\" src=\"https:\/\/kolme.paris\/wp-content\/uploads\/2025\/11\/Design-sans-titre-6-150x150.png\" alt=\"\" width=\"150\" height=\"150\" srcset=\"https:\/\/kolme.paris\/wp-content\/uploads\/2025\/11\/Design-sans-titre-6-150x150.png 150w, https:\/\/kolme.paris\/wp-content\/uploads\/2025\/11\/Design-sans-titre-6-300x300.png 300w, https:\/\/kolme.paris\/wp-content\/uploads\/2025\/11\/Design-sans-titre-6-1024x1024.png 1024w, https:\/\/kolme.paris\/wp-content\/uploads\/2025\/11\/Design-sans-titre-6-768x768.png 768w, https:\/\/kolme.paris\/wp-content\/uploads\/2025\/11\/Design-sans-titre-6-12x12.png 12w, https:\/\/kolme.paris\/wp-content\/uploads\/2025\/11\/Design-sans-titre-6-100x100.png 100w, https:\/\/kolme.paris\/wp-content\/uploads\/2025\/11\/Design-sans-titre-6.png 1080w\" sizes=\"(max-width: 150px) 100vw, 150px\" \/><\/a><\/p>\n<div class=\"mceTemp\"><\/div>\n<p>&nbsp;<\/p>\n<p>&nbsp;<\/p>\n<p>&nbsp;<\/p>\n<p><strong><br \/>\nTaille<\/strong><br \/>\nT1 \/ T2<br \/>\nVous h\u00e9sitez encore sur la taille \u00e0 commander? consulter notre <a href=\"https:\/\/kolme.paris\/wp-content\/uploads\/2025\/12\/Capture-decran-2025-12-04-a-09.33.45-1.png\"><span style=\"text-decoration: underline;\"><strong>Guide des tailles.<\/strong><\/span><\/a><\/p>\n<p><b>Composition &amp; Soin<br \/>\n<\/b>Lavage en machine \u00e0 30\u00b0. S\u00e9chage \u00e0 l&#8217;air libre.<\/p>\n<p><b>Delivery<br \/>\n<\/b>Chaque pi\u00e8ce \u00e9tant fabriqu\u00e9e \u00e0 la commande, le d\u00e9lai maximal d\u2019envoi est de 10 jours \u00e0 partir de la date de commande.<\/p>\n<p class=\"p1\"><strong>Retour<br \/>\n<\/strong>Retournez votre commande sous 14 jours si l&#8217;article n&#8217;a pas \u00e9t\u00e9 port\u00e9. Si votre commande a \u00e9t\u00e9 fabriqu\u00e9e sur mesure nous ne serons pas en mesure d\u2019\u00e9changer ou de rembourser votre commande.<\/p>\n<p><strong>For any questions, please contact us at info@kolme.paris !<\/strong><\/p>","protected":false},"excerpt":{"rendered":"<p>Produit Col amovible r\u00e9alis\u00e9 \u00e0 partir de tissus issus de stocks dormants. Fabriqu\u00e9s \u00e0 la main \u00e0 Paris. Pour la fermeture \u00e9claire, choisissez entre nos deux logos. Couleurs Trouvez la couleur de Kol qui vous convient. &nbsp; &nbsp; &nbsp; Taille T1 \/ T2 Vous h\u00e9sitez encore sur la taille \u00e0 commander? consulter notre Guide des [&hellip;]<\/p>","protected":false},"featured_media":5349,"template":"","meta":{"site-sidebar-layout":"default","site-content-layout":"","ast-site-content-layout":"default","site-content-style":"default","site-sidebar-style":"default","ast-global-header-display":"","ast-banner-title-visibility":"","ast-main-header-display":"","ast-hfb-above-header-display":"","ast-hfb-below-header-display":"","ast-hfb-mobile-header-display":"","site-post-title":"","ast-breadcrumbs-content":"","ast-featured-img":"","footer-sml-layout":"","theme-transparent-header-meta":"default","adv-header-id-meta":"","stick-header-meta":"","header-above-stick-meta":"","header-main-stick-meta":"","header-below-stick-meta":"","astra-migrate-meta-layouts":"set","ast-page-background-enabled":"default","ast-page-background-meta":{"desktop":{"background-color":"","background-image":"","background-repeat":"repeat","background-position":"center center","background-size":"auto","background-attachment":"scroll","background-type":"","background-media":"","overlay-type":"","overlay-color":"","overlay-opacity":"","overlay-gradient":""},"tablet":{"background-color":"","background-image":"","background-repeat":"repeat","background-position":"center center","background-size":"auto","background-attachment":"scroll","background-type":"","background-media":"","overlay-type":"","overlay-color":"","overlay-opacity":"","overlay-gradient":""},"mobile":{"background-color":"","background-image":"","background-repeat":"repeat","background-position":"center center","background-size":"auto","background-attachment":"scroll","background-type":"","background-media":"","overlay-type":"","overlay-color":"","overlay-opacity":"","overlay-gradient":""}},"ast-content-background-meta":{"desktop":{"background-color":"var(--ast-global-color-5)","background-image":"","background-repeat":"repeat","background-position":"center center","background-size":"auto","background-attachment":"scroll","background-type":"","background-media":"","overlay-type":"","overlay-color":"","overlay-opacity":"","overlay-gradient":""},"tablet":{"background-color":"var(--ast-global-color-5)","background-image":"","background-repeat":"repeat","background-position":"center center","background-size":"auto","background-attachment":"scroll","background-type":"","background-media":"","overlay-type":"","overlay-color":"","overlay-opacity":"","overlay-gradient":""},"mobile":{"background-color":"var(--ast-global-color-5)","background-image":"","background-repeat":"repeat","background-position":"center center","background-size":"auto","background-attachment":"scroll","background-type":"","background-media":"","overlay-type":"","overlay-color":"","overlay-opacity":"","overlay-gradient":""}}},"product_brand":[],"product_cat":[143],"product_tag":[],"class_list":{"0":"post-5339","1":"product","2":"type-product","3":"status-publish","4":"has-post-thumbnail","6":"product_cat-core-collection","7":"desktop-align-left","8":"tablet-align-left","9":"mobile-align-left","11":"first","12":"instock","13":"shipping-taxable","14":"purchasable","15":"product-type-variable","16":"has-default-attributes","17":"add-to-wishlist-before_add_to_cart"},"yoast_head":"<!-- This site is optimized with the Yoast SEO plugin v22.1 - https:\/\/yoast.com\/wordpress\/plugins\/seo\/ -->\n<title>Kol Neck Wrap Graphite |<\/title>\n<meta name=\"description\" content=\"Col amovible r\u00e9alis\u00e9 \u00e0 partir de tissus issus de stocks dormants. Nos Neck Wrap sont confectionn\u00e9s \u00e0 la main dans notre atelier parisien.\" \/>\n<meta name=\"robots\" content=\"index, follow, max-snippet:-1, max-image-preview:large, max-video-preview:-1\" \/>\n<link rel=\"canonical\" href=\"https:\/\/kolme.paris\/en\/shop\/kol-neck-wrap-graphite\/\" \/>\n<meta property=\"og:locale\" content=\"en_US\" \/>\n<meta property=\"og:type\" content=\"article\" \/>\n<meta property=\"og:title\" content=\"Kol Neck Wrap Graphite |\" \/>\n<meta property=\"og:description\" content=\"Col amovible r\u00e9alis\u00e9 \u00e0 partir de tissus issus de stocks dormants. Nos Neck Wrap sont confectionn\u00e9s \u00e0 la main dans notre atelier parisien.\" \/>\n<meta property=\"og:url\" content=\"https:\/\/kolme.paris\/en\/shop\/kol-neck-wrap-graphite\/\" \/>\n<meta property=\"article:modified_time\" content=\"2026-03-26T15:35:29+00:00\" \/>\n<meta property=\"og:image\" content=\"https:\/\/kolme.paris\/wp-content\/uploads\/2025\/11\/TR8A7755.jpg\" \/>\n\t<meta property=\"og:image:width\" content=\"1638\" \/>\n\t<meta property=\"og:image:height\" content=\"2048\" \/>\n\t<meta property=\"og:image:type\" content=\"image\/jpeg\" \/>\n<meta name=\"twitter:card\" content=\"summary_large_image\" \/>\n<meta name=\"twitter:label1\" content=\"Est. reading time\" \/>\n\t<meta name=\"twitter:data1\" content=\"2 minutes\" \/>\n<script type=\"application\/ld+json\" class=\"yoast-schema-graph\">{\"@context\":\"https:\/\/schema.org\",\"@graph\":[{\"@type\":\"WebPage\",\"@id\":\"https:\/\/kolme.paris\/shop\/kol-neck-wrap-graphite\/\",\"url\":\"https:\/\/kolme.paris\/shop\/kol-neck-wrap-graphite\/\",\"name\":\"Kol Neck Wrap Graphite |\",\"isPartOf\":{\"@id\":\"https:\/\/kolme.paris\/#website\"},\"datePublished\":\"2024-11-30T13:40:41+00:00\",\"dateModified\":\"2026-03-26T15:35:29+00:00\",\"description\":\"Col amovible r\u00e9alis\u00e9 \u00e0 partir de tissus issus de stocks dormants. Nos Neck Wrap sont confectionn\u00e9s \u00e0 la main dans notre atelier parisien.\",\"breadcrumb\":{\"@id\":\"https:\/\/kolme.paris\/shop\/kol-neck-wrap-graphite\/#breadcrumb\"},\"inLanguage\":\"en-US\",\"potentialAction\":[{\"@type\":\"ReadAction\",\"target\":[\"https:\/\/kolme.paris\/shop\/kol-neck-wrap-graphite\/\"]}]},{\"@type\":\"BreadcrumbList\",\"@id\":\"https:\/\/kolme.paris\/shop\/kol-neck-wrap-graphite\/#breadcrumb\",\"itemListElement\":[{\"@type\":\"ListItem\",\"position\":1,\"name\":\"Accueil\",\"item\":\"https:\/\/kolme.paris\/\"},{\"@type\":\"ListItem\",\"position\":2,\"name\":\"Shop Kolm\u00e9 Paris\",\"item\":\"https:\/\/kolme.paris\/shop-kolme-paris\/\"},{\"@type\":\"ListItem\",\"position\":3,\"name\":\"Kol Neck Wrap Graphite\"}]},{\"@type\":\"WebSite\",\"@id\":\"https:\/\/kolme.paris\/#website\",\"url\":\"https:\/\/kolme.paris\/\",\"name\":\"Kolm\u00e9\",\"description\":\"\",\"publisher\":{\"@id\":\"https:\/\/kolme.paris\/#organization\"},\"alternateName\":\"Kolm\u00e9\",\"potentialAction\":[{\"@type\":\"SearchAction\",\"target\":{\"@type\":\"EntryPoint\",\"urlTemplate\":\"https:\/\/kolme.paris\/?s={search_term_string}\"},\"query-input\":\"required name=search_term_string\"}],\"inLanguage\":\"en-US\"},{\"@type\":\"Organization\",\"@id\":\"https:\/\/kolme.paris\/#organization\",\"name\":\"Kolm\u00e9\",\"alternateName\":\"Kolm\u00e9\",\"url\":\"https:\/\/kolme.paris\/\",\"logo\":{\"@type\":\"ImageObject\",\"inLanguage\":\"en-US\",\"@id\":\"https:\/\/kolme.paris\/#\/schema\/logo\/image\/\",\"url\":\"https:\/\/kolme.paris\/wp-content\/uploads\/2021\/04\/Fichier-2kolme-LOGO-scaled.png\",\"contentUrl\":\"https:\/\/kolme.paris\/wp-content\/uploads\/2021\/04\/Fichier-2kolme-LOGO-scaled.png\",\"width\":2560,\"height\":571,\"caption\":\"Kolm\u00e9\"},\"image\":{\"@id\":\"https:\/\/kolme.paris\/#\/schema\/logo\/image\/\"},\"sameAs\":[\"https:\/\/www.instagram.com\/kolme.paris\/\",\"https:\/\/www.linkedin.com\/company\/kolm\u00e9\/\"]}]}<\/script>\n<!-- \/ Yoast SEO plugin. -->","yoast_head_json":{"title":"Kol Neck Wrap Graphite |","description":"Col amovible r\u00e9alis\u00e9 \u00e0 partir de tissus issus de stocks dormants. Nos Neck Wrap sont confectionn\u00e9s \u00e0 la main dans notre atelier parisien.","robots":{"index":"index","follow":"follow","max-snippet":"max-snippet:-1","max-image-preview":"max-image-preview:large","max-video-preview":"max-video-preview:-1"},"canonical":"https:\/\/kolme.paris\/en\/shop\/kol-neck-wrap-graphite\/","og_locale":"en_US","og_type":"article","og_title":"Kol Neck Wrap Graphite |","og_description":"Col amovible r\u00e9alis\u00e9 \u00e0 partir de tissus issus de stocks dormants. Nos Neck Wrap sont confectionn\u00e9s \u00e0 la main dans notre atelier parisien.","og_url":"https:\/\/kolme.paris\/en\/shop\/kol-neck-wrap-graphite\/","article_modified_time":"2026-03-26T15:35:29+00:00","og_image":[{"width":1638,"height":2048,"url":"https:\/\/kolme.paris\/wp-content\/uploads\/2025\/11\/TR8A7755.jpg","type":"image\/jpeg"}],"twitter_card":"summary_large_image","twitter_misc":{"Est. reading time":"2 minutes"},"schema":{"@context":"https:\/\/schema.org","@graph":[{"@type":"WebPage","@id":"https:\/\/kolme.paris\/shop\/kol-neck-wrap-graphite\/","url":"https:\/\/kolme.paris\/shop\/kol-neck-wrap-graphite\/","name":"Kol Neck Wrap Graphite |","isPartOf":{"@id":"https:\/\/kolme.paris\/#website"},"datePublished":"2024-11-30T13:40:41+00:00","dateModified":"2026-03-26T15:35:29+00:00","description":"Col amovible r\u00e9alis\u00e9 \u00e0 partir de tissus issus de stocks dormants. Nos Neck Wrap sont confectionn\u00e9s \u00e0 la main dans notre atelier parisien.","breadcrumb":{"@id":"https:\/\/kolme.paris\/shop\/kol-neck-wrap-graphite\/#breadcrumb"},"inLanguage":"en-US","potentialAction":[{"@type":"ReadAction","target":["https:\/\/kolme.paris\/shop\/kol-neck-wrap-graphite\/"]}]},{"@type":"BreadcrumbList","@id":"https:\/\/kolme.paris\/shop\/kol-neck-wrap-graphite\/#breadcrumb","itemListElement":[{"@type":"ListItem","position":1,"name":"Accueil","item":"https:\/\/kolme.paris\/"},{"@type":"ListItem","position":2,"name":"Shop Kolm\u00e9 Paris","item":"https:\/\/kolme.paris\/shop-kolme-paris\/"},{"@type":"ListItem","position":3,"name":"Kol Neck Wrap Graphite"}]},{"@type":"WebSite","@id":"https:\/\/kolme.paris\/#website","url":"https:\/\/kolme.paris\/","name":"Kolm\u00e9","description":"","publisher":{"@id":"https:\/\/kolme.paris\/#organization"},"alternateName":"Kolm\u00e9","potentialAction":[{"@type":"SearchAction","target":{"@type":"EntryPoint","urlTemplate":"https:\/\/kolme.paris\/?s={search_term_string}"},"query-input":"required name=search_term_string"}],"inLanguage":"en-US"},{"@type":"Organization","@id":"https:\/\/kolme.paris\/#organization","name":"Kolm\u00e9","alternateName":"Kolm\u00e9","url":"https:\/\/kolme.paris\/","logo":{"@type":"ImageObject","inLanguage":"en-US","@id":"https:\/\/kolme.paris\/#\/schema\/logo\/image\/","url":"https:\/\/kolme.paris\/wp-content\/uploads\/2021\/04\/Fichier-2kolme-LOGO-scaled.png","contentUrl":"https:\/\/kolme.paris\/wp-content\/uploads\/2021\/04\/Fichier-2kolme-LOGO-scaled.png","width":2560,"height":571,"caption":"Kolm\u00e9"},"image":{"@id":"https:\/\/kolme.paris\/#\/schema\/logo\/image\/"},"sameAs":["https:\/\/www.instagram.com\/kolme.paris\/","https:\/\/www.linkedin.com\/company\/kolm\u00e9\/"]}]}},"jetpack_sharing_enabled":true,"_links":{"self":[{"href":"https:\/\/kolme.paris\/en\/wp-json\/wp\/v2\/product\/5339","targetHints":{"allow":["GET"]}}],"collection":[{"href":"https:\/\/kolme.paris\/en\/wp-json\/wp\/v2\/product"}],"about":[{"href":"https:\/\/kolme.paris\/en\/wp-json\/wp\/v2\/types\/product"}],"wp:featuredmedia":[{"embeddable":true,"href":"https:\/\/kolme.paris\/en\/wp-json\/wp\/v2\/media\/5349"}],"wp:attachment":[{"href":"https:\/\/kolme.paris\/en\/wp-json\/wp\/v2\/media?parent=5339"}],"wp:term":[{"taxonomy":"product_brand","embeddable":true,"href":"https:\/\/kolme.paris\/en\/wp-json\/wp\/v2\/product_brand?post=5339"},{"taxonomy":"product_cat","embeddable":true,"href":"https:\/\/kolme.paris\/en\/wp-json\/wp\/v2\/product_cat?post=5339"},{"taxonomy":"product_tag","embeddable":true,"href":"https:\/\/kolme.paris\/en\/wp-json\/wp\/v2\/product_tag?post=5339"}],"curies":[{"name":"wp","href":"https:\/\/api.w.org\/{rel}","templated":true}]}}