{"id":5402,"date":"2026-03-31T14:28:20","date_gmt":"2026-03-31T13:28:20","guid":{"rendered":"https:\/\/kolme.paris\/?page_id=5402"},"modified":"2026-04-02T08:43:38","modified_gmt":"2026-04-02T07:43:38","slug":"b2b","status":"publish","type":"page","link":"https:\/\/kolme.paris\/en\/b2b\/","title":{"rendered":"B2B"},"content":{"rendered":"<div data-elementor-type=\"wp-page\" data-elementor-id=\"5402\" class=\"elementor elementor-5402\" data-elementor-post-type=\"page\">\n\t\t\t\t<div class=\"elementor-element elementor-element-8f2926f e-flex e-con-boxed e-con e-parent\" data-id=\"8f2926f\" data-element_type=\"container\">\n\t\t\t\t\t<div class=\"e-con-inner\">\n\t\t\t\t\t<\/div>\n\t\t\t\t<\/div>\n\t\t<div class=\"elementor-element elementor-element-9912c52 e-flex e-con-boxed e-con e-parent\" data-id=\"9912c52\" data-element_type=\"container\">\n\t\t\t\t\t<div class=\"e-con-inner\">\n\t\t\t\t<div class=\"elementor-element elementor-element-08b0b16 elementor-widget elementor-widget-spacer\" data-id=\"08b0b16\" data-element_type=\"widget\" data-widget_type=\"spacer.default\">\n\t\t\t\t<div class=\"elementor-widget-container\">\n\t\t\t\t\t\t\t<div class=\"elementor-spacer\">\n\t\t\t<div class=\"elementor-spacer-inner\"><\/div>\n\t\t<\/div>\n\t\t\t\t\t\t<\/div>\n\t\t\t\t<\/div>\n\t\t\t\t\t<\/div>\n\t\t\t\t<\/div>\n\t\t<div class=\"elementor-element elementor-element-01648b5 e-flex e-con-boxed e-con e-parent\" data-id=\"01648b5\" data-element_type=\"container\">\n\t\t\t\t\t<div class=\"e-con-inner\">\n\t\t<div class=\"elementor-element elementor-element-8a234b3 e-con-full e-flex e-con e-child\" data-id=\"8a234b3\" data-element_type=\"container\" data-settings=\"{&quot;background_background&quot;:&quot;classic&quot;}\">\n\t\t\t\t<\/div>\n\t\t<div class=\"elementor-element elementor-element-d747fbb e-con-full e-flex e-con e-child\" data-id=\"d747fbb\" data-element_type=\"container\">\n\t\t\t\t<div class=\"elementor-element elementor-element-3c348ab elementor-widget elementor-widget-text-editor\" data-id=\"3c348ab\" data-element_type=\"widget\" data-widget_type=\"text-editor.default\">\n\t\t\t\t<div class=\"elementor-widget-container\">\n\t\t\t\t\t\t\t\t\t<p data-start=\"230\" data-end=\"304\"><strong style=\"font-style: inherit;\">Recyclage et upcycling des uniformes et d\u00e9chets textiles professionnels<\/strong><\/p><p data-start=\"306\" data-end=\"371\"><strong>Transformez vos d\u00e9chets textiles en opportunit\u00e9s responsables<\/strong><\/p><p data-start=\"373\" data-end=\"695\"><span data-start=\"373\" data-end=\"382\">Kolm\u00e9<\/span> accompagne les entreprises dans le <strong data-start=\"418\" data-end=\"500\">recyclage et l\u2019upcycling de leurs uniformes et d\u00e9chets textiles professionnels<\/strong>.<br data-start=\"501\" data-end=\"504\" \/>Notre mission : donner une seconde vie aux textiles existants, uniformes us\u00e9s, invendus, stocks dormants ou prototypes, gr\u00e2ce \u00e0 une approche d\u2019<strong data-start=\"649\" data-end=\"670\">upcycling textile<\/strong> cr\u00e9ative et responsable.<\/p><p data-start=\"697\" data-end=\"824\">Plut\u00f4t que de d\u00e9truire ces mati\u00e8res, nous les revalorisons en objets utiles et durables, au service de votre <strong data-start=\"806\" data-end=\"823\">strat\u00e9gie RSE<\/strong>.<\/p><p data-start=\"831\" data-end=\"897\">Une solution concr\u00e8te de recyclage textile pour les entreprises<\/p><p data-start=\"899\" data-end=\"971\">Nous intervenons sur tous types de <strong data-start=\"934\" data-end=\"969\">d\u00e9chets textiles professionnels<\/strong> :<\/p><ul data-start=\"972\" data-end=\"1129\"><li data-start=\"972\" data-end=\"1009\"><p data-start=\"974\" data-end=\"1009\">uniformes de travail en fin de vie,<\/p><\/li><li data-start=\"1010\" data-end=\"1047\"><p data-start=\"1012\" data-end=\"1047\">v\u00eatements professionnels obsol\u00e8tes,<\/p><\/li><li data-start=\"1048\" data-end=\"1089\"><p data-start=\"1050\" data-end=\"1089\">invendus et stocks textiles inutilis\u00e9s,<\/p><\/li><li data-start=\"1090\" data-end=\"1129\"><p data-start=\"1092\" data-end=\"1129\">textiles d\u00e9fectueux ou non conformes.<\/p><\/li><\/ul><p data-start=\"1131\" data-end=\"1259\">Gr\u00e2ce \u00e0 l\u2019<strong data-start=\"1141\" data-end=\"1154\">upcycling<\/strong>, ces textiles sont transform\u00e9s sans recyclage industriel lourd, limitant ainsi l\u2019impact environnemental.<\/p><p data-start=\"1820\" data-end=\"1882\">Pourquoi choisir Kolm\u00e9 pour le recyclage de vos uniformes ?<\/p><ul data-start=\"1884\" data-end=\"2105\"><li data-start=\"1884\" data-end=\"1933\"><p data-start=\"1886\" data-end=\"1933\">Expertise en <strong data-start=\"1899\" data-end=\"1933\">recyclage et upcycling textile<\/strong><\/p><\/li><li data-start=\"1934\" data-end=\"1979\"><p data-start=\"1936\" data-end=\"1979\">D\u00e9marche d\u2019<strong data-start=\"1947\" data-end=\"1970\">\u00e9conomie circulaire<\/strong> concr\u00e8te<\/p><\/li><li data-start=\"1980\" data-end=\"2019\"><p data-start=\"1982\" data-end=\"2019\">Valorisation de votre image de marque<\/p><\/li><li data-start=\"2020\" data-end=\"2066\"><p data-start=\"2022\" data-end=\"2066\">Solution RSE visible, tra\u00e7able et impactante<\/p><\/li><li data-start=\"2067\" data-end=\"2105\"><p data-start=\"2069\" data-end=\"2105\">Production responsable et sur mesure<\/p><\/li><\/ul><p data-start=\"2112\" data-end=\"2171\">Vous avez des uniformes ou d\u00e9chets textiles \u00e0 recycler ?<\/p><p data-start=\"2173\" data-end=\"2317\">Kolm\u00e9 vous accompagne dans vos projets de <strong data-start=\"2215\" data-end=\"2240\">recyclage d\u2019uniformes<\/strong>, <strong data-start=\"2242\" data-end=\"2280\">revalorisation de d\u00e9chets textiles<\/strong> et <strong data-start=\"2284\" data-end=\"2316\">cr\u00e9ation de goodies upcycl\u00e9s<\/strong>.<\/p><p data-start=\"2319\" data-end=\"2423\"><a href=\"https:\/\/kolme.paris\/en\/contact\/\" target=\"_blank\" rel=\"noopener\"><strong data-start=\"2322\" data-end=\"2340\">Contactez-nous<\/strong> <\/a>pour \u00e9changer sur votre projet et transformer vos textiles en ressources durables.<\/p>\t\t\t\t\t\t\t\t<\/div>\n\t\t\t\t<\/div>\n\t\t\t\t<\/div>\n\t\t\t\t\t<\/div>\n\t\t\t\t<\/div>\n\t\t<div class=\"elementor-element elementor-element-d3ef3ff e-flex e-con-boxed e-con e-parent\" data-id=\"d3ef3ff\" data-element_type=\"container\">\n\t\t\t\t\t<div class=\"e-con-inner\">\n\t\t\t\t<div class=\"elementor-element elementor-element-1e321a5 elementor-widget elementor-widget-spacer\" data-id=\"1e321a5\" data-element_type=\"widget\" data-widget_type=\"spacer.default\">\n\t\t\t\t<div class=\"elementor-widget-container\">\n\t\t\t\t\t\t\t<div class=\"elementor-spacer\">\n\t\t\t<div class=\"elementor-spacer-inner\"><\/div>\n\t\t<\/div>\n\t\t\t\t\t\t<\/div>\n\t\t\t\t<\/div>\n\t\t\t\t\t<\/div>\n\t\t\t\t<\/div>\n\t\t<div class=\"elementor-element elementor-element-589b5ee e-flex e-con-boxed e-con e-parent\" data-id=\"589b5ee\" data-element_type=\"container\">\n\t\t\t\t\t<div class=\"e-con-inner\">\n\t\t\t\t<div class=\"elementor-element elementor-element-4246414 elementor-button-info elementor-align-center elementor-widget elementor-widget-button\" data-id=\"4246414\" data-element_type=\"widget\" data-widget_type=\"button.default\">\n\t\t\t\t<div class=\"elementor-widget-container\">\n\t\t\t\t\t\t\t\t\t<div class=\"elementor-button-wrapper\">\n\t\t\t\t\t<a class=\"elementor-button elementor-button-link elementor-size-sm\" href=\"https:\/\/kolme.paris\/wp-content\/uploads\/2026\/04\/KOLME_INDUSTRIE.pdf\" target=\"_blank\">\n\t\t\t\t\t\t<span class=\"elementor-button-content-wrapper\">\n\t\t\t\t\t\t\t\t\t<span class=\"elementor-button-text\">T\u00e9l\u00e9charger notre pr\u00e9sentation<\/span>\n\t\t\t\t\t<\/span>\n\t\t\t\t\t<\/a>\n\t\t\t\t<\/div>\n\t\t\t\t\t\t\t\t<\/div>\n\t\t\t\t<\/div>\n\t\t\t\t\t<\/div>\n\t\t\t\t<\/div>\n\t\t<div class=\"elementor-element elementor-element-f426843 e-flex e-con-boxed e-con e-parent\" data-id=\"f426843\" data-element_type=\"container\">\n\t\t\t\t\t<div class=\"e-con-inner\">\n\t\t\t\t<div class=\"elementor-element elementor-element-c4809df elementor-widget elementor-widget-spacer\" data-id=\"c4809df\" data-element_type=\"widget\" data-widget_type=\"spacer.default\">\n\t\t\t\t<div class=\"elementor-widget-container\">\n\t\t\t\t\t\t\t<div class=\"elementor-spacer\">\n\t\t\t<div class=\"elementor-spacer-inner\"><\/div>\n\t\t<\/div>\n\t\t\t\t\t\t<\/div>\n\t\t\t\t<\/div>\n\t\t\t\t\t<\/div>\n\t\t\t\t<\/div>\n\t\t<div class=\"elementor-element elementor-element-2a232ff e-flex e-con-boxed e-con e-parent\" data-id=\"2a232ff\" data-element_type=\"container\">\n\t\t\t\t\t<div class=\"e-con-inner\">\n\t\t\t\t<div class=\"elementor-element elementor-element-4dccf9b elementor-widget elementor-widget-text-editor\" data-id=\"4dccf9b\" data-element_type=\"widget\" data-widget_type=\"text-editor.default\">\n\t\t\t\t<div class=\"elementor-widget-container\">\n\t\t\t\t\t\t\t\t\t<p><strong>FAQ \u2013 Recyclage des uniformes et d\u00e9chets textiles professionnels<\/strong><\/p><p data-start=\"302\" data-end=\"363\"><em>Qu\u2019est-ce que le recyclage des uniformes professionnels ?<\/em><\/p><p data-start=\"364\" data-end=\"658\">Le recyclage des uniformes professionnels consiste \u00e0 revaloriser des v\u00eatements de travail usag\u00e9s ou obsol\u00e8tes afin d\u2019\u00e9viter leur destruction. Chez Kolm\u00e9, ce recyclage passe par l\u2019<strong data-start=\"543\" data-end=\"564\">upcycling textile<\/strong>, une solution qui transforme directement les uniformes en nouveaux objets utiles et durables.<\/p><p data-start=\"665\" data-end=\"740\"><em>Quelle est la diff\u00e9rence entre recyclage textile et upcycling textile ?<\/em><\/p><p data-start=\"741\" data-end=\"1044\">Le recyclage textile industriel d\u00e9truit la mati\u00e8re pour en cr\u00e9er une nouvelle, ce qui n\u00e9cessite beaucoup d\u2019\u00e9nergie. L\u2019<strong data-start=\"859\" data-end=\"880\">upcycling textile<\/strong>, au contraire, r\u00e9utilise les textiles existants sans transformation lourde, pour cr\u00e9er des produits \u00e0 plus forte valeur ajout\u00e9e et \u00e0 faible impact environnemental.<\/p><p data-start=\"1051\" data-end=\"1101\"><em>Que faire des uniformes usag\u00e9s en entreprise ?<\/em><\/p><p data-start=\"1102\" data-end=\"1327\">Les uniformes usag\u00e9s peuvent \u00eatre transform\u00e9s en <strong data-start=\"1151\" data-end=\"1175\">goodies responsables<\/strong>, sacs, tote bags, trousses, v\u00eatements ou objets sur mesure. L\u2019upcycling permet aux entreprises de recycler leurs uniformes tout en valorisant leur engagement RSE.<\/p><p data-start=\"1334\" data-end=\"1403\"><em>Quels types de d\u00e9chets textiles peuvent \u00eatre recycl\u00e9s par Kolm\u00e9 ?<\/em><\/p><p data-start=\"1404\" data-end=\"1579\">Kolm\u00e9 recycle et revalorise diff\u00e9rents <strong data-start=\"1443\" data-end=\"1478\">d\u00e9chets textiles professionnels<\/strong> : uniformes de travail, invendus, stocks dormants, prototypes, textiles d\u00e9fectueux ou non conformes.<\/p><p data-start=\"1586\" data-end=\"1644\"><em>Pourquoi recycler les d\u00e9chets textiles en entreprise ?<\/em><\/p><p data-start=\"1645\" data-end=\"1885\">Le recyclage des d\u00e9chets textiles permet de r\u00e9duire l\u2019impact environnemental, de limiter le gaspillage et de r\u00e9pondre aux enjeux RSE. C\u2019est aussi un excellent levier de <strong data-start=\"1814\" data-end=\"1843\">communication responsable<\/strong> aupr\u00e8s des collaborateurs et partenaires.<\/p><p data-start=\"1892\" data-end=\"1968\"><em>Quels sont les avantages de l\u2019upcycling textile pour une strat\u00e9gie RSE ?<\/em><\/p><p data-start=\"1969\" data-end=\"2168\">L\u2019upcycling textile offre une solution concr\u00e8te et visible : r\u00e9duction des d\u00e9chets, \u00e9conomie circulaire, tra\u00e7abilit\u00e9 des mati\u00e8res et cr\u00e9ation d\u2019objets porteurs de sens \u00e0 partir de textiles existants.<\/p><p data-start=\"2175\" data-end=\"2243\"><em>Kolm\u00e9 propose-t-elle des goodies \u00e0 partir d\u2019uniformes recycl\u00e9s ?<\/em><\/p><p data-start=\"2244\" data-end=\"2439\">Oui. Kolm\u00e9 con\u00e7oit des <strong data-start=\"2267\" data-end=\"2298\">goodies upcycl\u00e9s sur mesure<\/strong> (sacs, trousses, accessoires) \u00e0 partir des uniformes ou d\u00e9chets textiles des entreprises, pour leurs \u00e9v\u00e9nements, salons ou actions internes.<\/p><p><em>Comment lancer un projet de recyclage textile avec Kolm\u00e9 ?<\/em><\/p><p>Il suffit de nous contacter. Nous analysons vos volumes de d\u00e9chets textiles, vos besoins et vos objectifs RSE afin de proposer une solution d\u2019<strong data-start=\"2651\" data-end=\"2672\">upcycling textile<\/strong> adapt\u00e9e \u00e0 votre entreprise.<\/p>\t\t\t\t\t\t\t\t<\/div>\n\t\t\t\t<\/div>\n\t\t\t\t\t<\/div>\n\t\t\t\t<\/div>\n\t\t<div class=\"elementor-element elementor-element-97c34a1 e-flex e-con-boxed e-con e-parent\" data-id=\"97c34a1\" data-element_type=\"container\">\n\t\t\t\t\t<div class=\"e-con-inner\">\n\t\t\t\t\t<\/div>\n\t\t\t\t<\/div>\n\t\t\t\t<\/div>","protected":false},"excerpt":{"rendered":"<p>Recyclage et upcycling des uniformes et d\u00e9chets textiles professionnels Transformez vos d\u00e9chets textiles en opportunit\u00e9s responsables Kolm\u00e9 accompagne les entreprises dans le recyclage et l\u2019upcycling de leurs uniformes et d\u00e9chets textiles professionnels.Notre mission : donner une seconde vie aux textiles existants, uniformes us\u00e9s, invendus, stocks dormants ou prototypes, gr\u00e2ce \u00e0 une approche d\u2019upcycling textile cr\u00e9ative [&hellip;]<\/p>","protected":false},"author":1,"featured_media":0,"parent":0,"menu_order":0,"comment_status":"closed","ping_status":"closed","template":"","meta":{"site-sidebar-layout":"no-sidebar","site-content-layout":"page-builder","ast-site-content-layout":"full-width-container","site-content-style":"default","site-sidebar-style":"default","ast-global-header-display":"","ast-banner-title-visibility":"","ast-main-header-display":"","ast-hfb-above-header-display":"","ast-hfb-below-header-display":"","ast-hfb-mobile-header-display":"","site-post-title":"disabled","ast-breadcrumbs-content":"","ast-featured-img":"disabled","footer-sml-layout":"","theme-transparent-header-meta":"","adv-header-id-meta":"","stick-header-meta":"","header-above-stick-meta":"","header-main-stick-meta":"","header-below-stick-meta":"","astra-migrate-meta-layouts":"default","ast-page-background-enabled":"default","ast-page-background-meta":{"desktop":{"background-color":"","background-image":"","background-repeat":"repeat","background-position":"center center","background-size":"auto","background-attachment":"scroll","background-type":"","background-media":"","overlay-type":"","overlay-color":"","overlay-opacity":"","overlay-gradient":""},"tablet":{"background-color":"","background-image":"","background-repeat":"repeat","background-position":"center center","background-size":"auto","background-attachment":"scroll","background-type":"","background-media":"","overlay-type":"","overlay-color":"","overlay-opacity":"","overlay-gradient":""},"mobile":{"background-color":"","background-image":"","background-repeat":"repeat","background-position":"center center","background-size":"auto","background-attachment":"scroll","background-type":"","background-media":"","overlay-type":"","overlay-color":"","overlay-opacity":"","overlay-gradient":""}},"ast-content-background-meta":{"desktop":{"background-color":"var(--ast-global-color-5)","background-image":"","background-repeat":"repeat","background-position":"center center","background-size":"auto","background-attachment":"scroll","background-type":"","background-media":"","overlay-type":"","overlay-color":"","overlay-opacity":"","overlay-gradient":""},"tablet":{"background-color":"var(--ast-global-color-5)","background-image":"","background-repeat":"repeat","background-position":"center center","background-size":"auto","background-attachment":"scroll","background-type":"","background-media":"","overlay-type":"","overlay-color":"","overlay-opacity":"","overlay-gradient":""},"mobile":{"background-color":"var(--ast-global-color-5)","background-image":"","background-repeat":"repeat","background-position":"center center","background-size":"auto","background-attachment":"scroll","background-type":"","background-media":"","overlay-type":"","overlay-color":"","overlay-opacity":"","overlay-gradient":""}},"footnotes":""},"class_list":["post-5402","page","type-page","status-publish","hentry"],"yoast_head":"<!-- This site is optimized with the Yoast SEO plugin v22.1 - https:\/\/yoast.com\/wordpress\/plugins\/seo\/ -->\n<title>B2B<\/title>\n<meta name=\"robots\" content=\"index, follow, max-snippet:-1, max-image-preview:large, max-video-preview:-1\" \/>\n<link rel=\"canonical\" href=\"https:\/\/kolme.paris\/en\/b2b\/\" \/>\n<meta property=\"og:locale\" content=\"en_US\" \/>\n<meta property=\"og:type\" content=\"article\" \/>\n<meta property=\"og:title\" content=\"B2B\" \/>\n<meta property=\"og:description\" content=\"Recyclage et upcycling des uniformes et d\u00e9chets textiles professionnels Transformez vos d\u00e9chets textiles en opportunit\u00e9s responsables Kolm\u00e9 accompagne les entreprises dans le recyclage et l\u2019upcycling de leurs uniformes et d\u00e9chets textiles professionnels.Notre mission : donner une seconde vie aux textiles existants, uniformes us\u00e9s, invendus, stocks dormants ou prototypes, gr\u00e2ce \u00e0 une approche d\u2019upcycling textile cr\u00e9ative [&hellip;]\" \/>\n<meta property=\"og:url\" content=\"https:\/\/kolme.paris\/en\/b2b\/\" \/>\n<meta property=\"article:modified_time\" content=\"2026-04-02T07:43:38+00:00\" \/>\n<meta property=\"og:image\" content=\"https:\/\/kolme.paris\/wp-content\/uploads\/2021\/04\/Fichier-2kolme-LOGO-scaled.png\" \/>\n\t<meta property=\"og:image:width\" content=\"2560\" \/>\n\t<meta property=\"og:image:height\" content=\"571\" \/>\n\t<meta property=\"og:image:type\" content=\"image\/png\" \/>\n<meta name=\"twitter:card\" content=\"summary_large_image\" \/>\n<meta name=\"twitter:label1\" content=\"Est. reading time\" \/>\n\t<meta name=\"twitter:data1\" content=\"3 minutes\" \/>\n<script type=\"application\/ld+json\" class=\"yoast-schema-graph\">{\"@context\":\"https:\/\/schema.org\",\"@graph\":[{\"@type\":\"WebPage\",\"@id\":\"https:\/\/kolme.paris\/b2b\/\",\"url\":\"https:\/\/kolme.paris\/b2b\/\",\"name\":\"B2B\",\"isPartOf\":{\"@id\":\"https:\/\/kolme.paris\/#website\"},\"datePublished\":\"2026-03-31T13:28:20+00:00\",\"dateModified\":\"2026-04-02T07:43:38+00:00\",\"breadcrumb\":{\"@id\":\"https:\/\/kolme.paris\/b2b\/#breadcrumb\"},\"inLanguage\":\"en-US\",\"potentialAction\":[{\"@type\":\"ReadAction\",\"target\":[\"https:\/\/kolme.paris\/b2b\/\"]}]},{\"@type\":\"BreadcrumbList\",\"@id\":\"https:\/\/kolme.paris\/b2b\/#breadcrumb\",\"itemListElement\":[{\"@type\":\"ListItem\",\"position\":1,\"name\":\"Accueil\",\"item\":\"https:\/\/kolme.paris\/\"},{\"@type\":\"ListItem\",\"position\":2,\"name\":\"B2B\"}]},{\"@type\":\"WebSite\",\"@id\":\"https:\/\/kolme.paris\/#website\",\"url\":\"https:\/\/kolme.paris\/\",\"name\":\"Kolm\u00e9\",\"description\":\"\",\"publisher\":{\"@id\":\"https:\/\/kolme.paris\/#organization\"},\"alternateName\":\"Kolm\u00e9\",\"potentialAction\":[{\"@type\":\"SearchAction\",\"target\":{\"@type\":\"EntryPoint\",\"urlTemplate\":\"https:\/\/kolme.paris\/?s={search_term_string}\"},\"query-input\":\"required name=search_term_string\"}],\"inLanguage\":\"en-US\"},{\"@type\":\"Organization\",\"@id\":\"https:\/\/kolme.paris\/#organization\",\"name\":\"Kolm\u00e9\",\"alternateName\":\"Kolm\u00e9\",\"url\":\"https:\/\/kolme.paris\/\",\"logo\":{\"@type\":\"ImageObject\",\"inLanguage\":\"en-US\",\"@id\":\"https:\/\/kolme.paris\/#\/schema\/logo\/image\/\",\"url\":\"https:\/\/kolme.paris\/wp-content\/uploads\/2021\/04\/Fichier-2kolme-LOGO-scaled.png\",\"contentUrl\":\"https:\/\/kolme.paris\/wp-content\/uploads\/2021\/04\/Fichier-2kolme-LOGO-scaled.png\",\"width\":2560,\"height\":571,\"caption\":\"Kolm\u00e9\"},\"image\":{\"@id\":\"https:\/\/kolme.paris\/#\/schema\/logo\/image\/\"},\"sameAs\":[\"https:\/\/www.instagram.com\/kolme.paris\/\",\"https:\/\/www.linkedin.com\/company\/kolm\u00e9\/\"]}]}<\/script>\n<!-- \/ Yoast SEO plugin. -->","yoast_head_json":{"title":"B2B","robots":{"index":"index","follow":"follow","max-snippet":"max-snippet:-1","max-image-preview":"max-image-preview:large","max-video-preview":"max-video-preview:-1"},"canonical":"https:\/\/kolme.paris\/en\/b2b\/","og_locale":"en_US","og_type":"article","og_title":"B2B","og_description":"Recyclage et upcycling des uniformes et d\u00e9chets textiles professionnels Transformez vos d\u00e9chets textiles en opportunit\u00e9s responsables Kolm\u00e9 accompagne les entreprises dans le recyclage et l\u2019upcycling de leurs uniformes et d\u00e9chets textiles professionnels.Notre mission : donner une seconde vie aux textiles existants, uniformes us\u00e9s, invendus, stocks dormants ou prototypes, gr\u00e2ce \u00e0 une approche d\u2019upcycling textile cr\u00e9ative [&hellip;]","og_url":"https:\/\/kolme.paris\/en\/b2b\/","article_modified_time":"2026-04-02T07:43:38+00:00","og_image":[{"width":2560,"height":571,"url":"https:\/\/kolme.paris\/wp-content\/uploads\/2021\/04\/Fichier-2kolme-LOGO-scaled.png","type":"image\/png"}],"twitter_card":"summary_large_image","twitter_misc":{"Est. reading time":"3 minutes"},"schema":{"@context":"https:\/\/schema.org","@graph":[{"@type":"WebPage","@id":"https:\/\/kolme.paris\/b2b\/","url":"https:\/\/kolme.paris\/b2b\/","name":"B2B","isPartOf":{"@id":"https:\/\/kolme.paris\/#website"},"datePublished":"2026-03-31T13:28:20+00:00","dateModified":"2026-04-02T07:43:38+00:00","breadcrumb":{"@id":"https:\/\/kolme.paris\/b2b\/#breadcrumb"},"inLanguage":"en-US","potentialAction":[{"@type":"ReadAction","target":["https:\/\/kolme.paris\/b2b\/"]}]},{"@type":"BreadcrumbList","@id":"https:\/\/kolme.paris\/b2b\/#breadcrumb","itemListElement":[{"@type":"ListItem","position":1,"name":"Accueil","item":"https:\/\/kolme.paris\/"},{"@type":"ListItem","position":2,"name":"B2B"}]},{"@type":"WebSite","@id":"https:\/\/kolme.paris\/#website","url":"https:\/\/kolme.paris\/","name":"Kolm\u00e9","description":"","publisher":{"@id":"https:\/\/kolme.paris\/#organization"},"alternateName":"Kolm\u00e9","potentialAction":[{"@type":"SearchAction","target":{"@type":"EntryPoint","urlTemplate":"https:\/\/kolme.paris\/?s={search_term_string}"},"query-input":"required name=search_term_string"}],"inLanguage":"en-US"},{"@type":"Organization","@id":"https:\/\/kolme.paris\/#organization","name":"Kolm\u00e9","alternateName":"Kolm\u00e9","url":"https:\/\/kolme.paris\/","logo":{"@type":"ImageObject","inLanguage":"en-US","@id":"https:\/\/kolme.paris\/#\/schema\/logo\/image\/","url":"https:\/\/kolme.paris\/wp-content\/uploads\/2021\/04\/Fichier-2kolme-LOGO-scaled.png","contentUrl":"https:\/\/kolme.paris\/wp-content\/uploads\/2021\/04\/Fichier-2kolme-LOGO-scaled.png","width":2560,"height":571,"caption":"Kolm\u00e9"},"image":{"@id":"https:\/\/kolme.paris\/#\/schema\/logo\/image\/"},"sameAs":["https:\/\/www.instagram.com\/kolme.paris\/","https:\/\/www.linkedin.com\/company\/kolm\u00e9\/"]}]}},"jetpack_sharing_enabled":true,"_links":{"self":[{"href":"https:\/\/kolme.paris\/en\/wp-json\/wp\/v2\/pages\/5402","targetHints":{"allow":["GET"]}}],"collection":[{"href":"https:\/\/kolme.paris\/en\/wp-json\/wp\/v2\/pages"}],"about":[{"href":"https:\/\/kolme.paris\/en\/wp-json\/wp\/v2\/types\/page"}],"author":[{"embeddable":true,"href":"https:\/\/kolme.paris\/en\/wp-json\/wp\/v2\/users\/1"}],"replies":[{"embeddable":true,"href":"https:\/\/kolme.paris\/en\/wp-json\/wp\/v2\/comments?post=5402"}],"version-history":[{"count":40,"href":"https:\/\/kolme.paris\/en\/wp-json\/wp\/v2\/pages\/5402\/revisions"}],"predecessor-version":[{"id":5572,"href":"https:\/\/kolme.paris\/en\/wp-json\/wp\/v2\/pages\/5402\/revisions\/5572"}],"wp:attachment":[{"href":"https:\/\/kolme.paris\/en\/wp-json\/wp\/v2\/media?parent=5402"}],"curies":[{"name":"wp","href":"https:\/\/api.w.org\/{rel}","templated":true}]}}